{"id":970,"date":"2023-10-23T22:27:27","date_gmt":"2023-10-24T01:27:27","guid":{"rendered":"https:\/\/quemliga.pt\/?page_id=970"},"modified":"2023-10-23T22:27:27","modified_gmt":"2023-10-24T01:27:27","slug":"isencao-de-responsabilidade","status":"publish","type":"page","link":"https:\/\/quemliga.pt\/sq\/isencao-de-responsabilidade\/","title":{"rendered":"Mohim p\u00ebrgjegj\u00ebsie"},"content":{"rendered":"<p><strong>Pranimi i Kushteve<\/strong><\/p>\n<p>Duke shfletuar dhe p\u00ebrdorur faqen e internetit \u201cQuemLiga.PT\u201d (\u201cFaqja e internetit\u201d), ju pranoni dhe bini dakord me termat dhe kushtet e p\u00ebrcaktuara n\u00eb k\u00ebt\u00eb Mohim P\u00ebrgjegj\u00ebsie. N\u00ebse nuk jeni dakord me k\u00ebto kushte, ju lutemi mos e p\u00ebrdorni Faqen e internetit.<\/p>\n<p><strong>Integriteti i p\u00ebrmbajtjes<\/strong><\/p>\n<p>Informacioni i dh\u00ebn\u00eb n\u00eb QuemLiga.PT \u00ebsht\u00eb vet\u00ebm p\u00ebr q\u00ebllime t\u00eb p\u00ebrgjithshme informative. Nd\u00ebrsa p\u00ebrpiqemi ta mbajm\u00eb informacionin t\u00eb p\u00ebrdit\u00ebsuar dhe t\u00eb sakt\u00eb, ne nuk japim asnj\u00eb garanci t\u00eb asnj\u00eb lloji, t\u00eb shprehur ose t\u00eb n\u00ebnkuptuar, n\u00eb lidhje me plot\u00ebsin\u00eb, sakt\u00ebsin\u00eb, besueshm\u00ebrin\u00eb ose disponueshm\u00ebrin\u00eb e informacionit, produkteve, sh\u00ebrbimeve ose grafik\u00ebve t\u00eb p\u00ebrmbajtura n\u00eb Faqe.<\/p>\n<p><strong>Var\u00ebsia nga Informacioni<\/strong><\/p>\n<p>P\u00ebrdorimi i informacionit t\u00eb disponuesh\u00ebm n\u00eb QuemLiga.PT \u00ebsht\u00eb n\u00eb rrezikun tuaj t\u00eb vet\u00ebm. Ne nuk do t\u00eb jemi p\u00ebrgjegj\u00ebs p\u00ebr asnj\u00eb humbje ose d\u00ebmtim n\u00eb lidhje me p\u00ebrdorimin e faqes son\u00eb t\u00eb internetit.<\/p>\n<p><strong>Lidhje me Faqe t\u00eb Tjera<\/strong><\/p>\n<p>QuemLiga.PT mund t\u00eb p\u00ebrmbaj\u00eb lidhje me faqe interneti t\u00eb jashtme q\u00eb nuk operohen nga ne. Ne nuk kemi kontroll mbi p\u00ebrmbajtjen, politikat e privat\u00ebsis\u00eb ose praktikat e ndonj\u00eb faqeje interneti ose sh\u00ebrbimi t\u00eb pal\u00ebve t\u00eb treta dhe nuk marrim p\u00ebrsip\u00ebr asnj\u00eb p\u00ebrgjegj\u00ebsi p\u00ebr t\u00eb.<\/p>\n<p><strong>Deklarata e Filialeve<\/strong><\/p>\n<p>QuemLiga.PT mund t\u00eb marr\u00eb pjes\u00eb n\u00eb programe bashk\u00ebpunuese dhe mund t\u00eb marr\u00eb komisione p\u00ebr blerjet e b\u00ebra p\u00ebrmes lidhjeve n\u00eb faqen ton\u00eb t\u00eb internetit. K\u00ebto komisione ndihmojn\u00eb n\u00eb mir\u00ebmbajtjen dhe mb\u00ebshtetjen e faqes son\u00eb t\u00eb internetit.<\/p>\n<p><strong>Ndryshime n\u00eb Mohim P\u00ebrgjegj\u00ebsie<\/strong><\/p>\n<p>QuemLiga.PT rezervon t\u00eb drejt\u00ebn p\u00ebr t\u00eb b\u00ebr\u00eb ndryshime n\u00eb k\u00ebt\u00eb Mohim P\u00ebrgjegj\u00ebsie n\u00eb \u00e7do koh\u00eb. Ne ju rekomandojm\u00eb q\u00eb ta kontrolloni k\u00ebt\u00eb faqe rregullisht p\u00ebr t\u00eb q\u00ebndruar t\u00eb informuar p\u00ebr \u00e7do p\u00ebrdit\u00ebsim. P\u00ebrdorimi juaj i vazhduesh\u00ebm i Faqes pas postimit t\u00eb ndryshimeve p\u00ebrb\u00ebn pranimin tuaj t\u00eb k\u00ebtyre ndryshimeve.<\/p>\n<p><strong>Na kontaktoni<\/strong><\/p>\n<p>P\u00ebr \u00e7do pyetje ose sqarim n\u00eb lidhje me k\u00ebt\u00eb Mohim P\u00ebrgjegj\u00ebsie, ju lutemi na kontaktoni p\u00ebrmes email-it: contato@quemliga.pt<\/p>\n<p><strong>Konsiderata p\u00ebrfundimtare<\/strong><\/p>\n<p>Informacioni n\u00eb QuemLiga.PT ofrohet vet\u00ebm p\u00ebr q\u00ebllime informuese dhe frym\u00ebzuese. Nuk duhet t\u00eb interpretohet si k\u00ebshill\u00eb profesionale. Gjithmon\u00eb konsultohuni me ekspert\u00eb p\u00ebr pyetje specifike. Duke p\u00ebrdorur k\u00ebt\u00eb Faqe, ju pranoni k\u00ebt\u00eb Mohim P\u00ebrgjegj\u00ebsie.<\/p>","protected":false},"excerpt":{"rendered":"<p>Aceita\u00e7\u00e3o dos Termos Ao navegar e utilizar o site \u201cQuemLiga.PT\u201d (\u201cSite\u201d), voc\u00ea aceita e concorda com os termos e condi\u00e7\u00f5es estabelecidos neste Termo de Responsabilidade&#8230;.<\/p>","protected":false},"author":1,"featured_media":0,"parent":0,"menu_order":0,"comment_status":"closed","ping_status":"closed","template":"","meta":{"footnotes":""},"class_list":["post-970","page","type-page","status-publish","hentry"],"_links":{"self":[{"href":"https:\/\/quemliga.pt\/sq\/wp-json\/wp\/v2\/pages\/970","targetHints":{"allow":["GET"]}}],"collection":[{"href":"https:\/\/quemliga.pt\/sq\/wp-json\/wp\/v2\/pages"}],"about":[{"href":"https:\/\/quemliga.pt\/sq\/wp-json\/wp\/v2\/types\/page"}],"author":[{"embeddable":true,"href":"https:\/\/quemliga.pt\/sq\/wp-json\/wp\/v2\/users\/1"}],"replies":[{"embeddable":true,"href":"https:\/\/quemliga.pt\/sq\/wp-json\/wp\/v2\/comments?post=970"}],"version-history":[{"count":1,"href":"https:\/\/quemliga.pt\/sq\/wp-json\/wp\/v2\/pages\/970\/revisions"}],"predecessor-version":[{"id":971,"href":"https:\/\/quemliga.pt\/sq\/wp-json\/wp\/v2\/pages\/970\/revisions\/971"}],"wp:attachment":[{"href":"https:\/\/quemliga.pt\/sq\/wp-json\/wp\/v2\/media?parent=970"}],"curies":[{"name":"wp","href":"https:\/\/api.w.org\/{rel}","templated":true}]}}